{"id":1726,"date":"2016-06-20T16:15:23","date_gmt":"2016-06-20T16:15:23","guid":{"rendered":"https:\/\/www.noticenature.ie\/ceard-is-feidir-liom-a-dheanamh-chun-bitheagsulacht-na-talun-portaigh-a-chur-chun-cinn\/"},"modified":"2016-06-20T16:15:23","modified_gmt":"2016-06-20T16:15:23","slug":"ceard-is-feidir-liom-a-dheanamh-chun-bitheagsulacht-na-talun-portaigh-a-chur-chun-cinn","status":"publish","type":"page","link":"https:\/\/www.noticenature.ie\/ga\/eolas-faoi-duil-sa-dulra\/ceard-de-a-bhfuil-bitheagsulacht-na-heireann-deanta-suas\/eagsulacht-gnathoga\/talamh-portaigh\/ceard-is-feidir-liom-a-dheanamh-chun-bitheagsulacht-na-talun-portaigh-a-chur-chun-cinn\/","title":{"rendered":"C\u00e9ard is f\u00e9idir liom a dh\u00e9anamh chun Bith\u00e9ags\u00falacht na Tal\u00fan Portaigh a chur chun cinn?"},"content":{"rendered":"<ul>\n<li>M\u00e1s garra\u00edod\u00f3ir n\u00f3 dearth\u00f3ir t\u00edrdhreacha th\u00fa, c\u00e9n f\u00e1th nach smaoineof\u00e1 ar m\u00fair\u00edn gan mh\u00f3in a \u00fas\u00e1id? Is f\u00e9idir m\u00fair\u00edn\u00ed gan mh\u00f3in a fh\u00e1il in ionaid gharra\u00edod\u00f3ireachta ar fud na t\u00edre.<\/li>\n<li>D\u00e9an dramha\u00edl ghaird\u00edn\/chistine a athch\u00fars\u00e1il chun do mh\u00fair\u00edn f\u00e9in a dh\u00e9anamh. M\u00e1s rud \u00e9 go gcuireann d\u2019\u00fadar\u00e1s \u00e1iti\u00fail \u2018araid dhonn\u2019 ar f\u00e1il le dramha\u00edl chistine a chur ann, bain \u00fas\u00e1id aisti!<\/li>\n<li>Mura bhfuil ceann agat, d\u2019fh\u00e9adf\u00e1 m\u00fair\u00edni\u00fa baile a thriail. D\u2019fh\u00e9adfadh carn m\u00fair\u00edn a bheith agat ag bun an ghaird\u00edn n\u00f3 d\u2019fh\u00e9adf\u00e1 do choime\u00e1d\u00e1n m\u00fair\u00edn f\u00e9in a dh\u00e9anamh n\u00f3 a cheannach. Is f\u00e9idir tuilleadh a fh\u00e1il amach faoi mh\u00fair\u00edni\u00fa ar go leor de na l\u00e1ithre\u00e1in ghr\u00e9as\u00e1in at\u00e1 ag \u00fadar\u00e1is \u00e1iti\u00fala.<\/li>\n<li>Tacaigh le gr\u00fapa\u00ed caomhn\u00fach\u00e1in at\u00e1 ag obair chun Portaigh a Sh\u00e1bh\u00e1il<\/li>\n<li>Chun tuilleadh eolais a fh\u00e1il ar phortaigh, t\u00e9igh chuig <a href=\"http:\/\/www.ipcc.ie\/\"><span style=\"color: #248cc8;\">http:\/\/www.ipcc.ie\/<\/span><\/a><\/li>\n<\/ul>\n<p>&nbsp;<\/p>\n<p><em>Ar ais chuig <a href=\"https:\/\/www.noticenature.ie\/about\/what-makes-up-irelands-biodiversity\/habitat-diversity\/\">an gcl\u00e1r \u00c9ags\u00falacht Gn\u00e1th\u00f3g<\/a><\/em><\/p>\n","protected":false},"excerpt":{"rendered":"<p>M\u00e1s garra\u00edod\u00f3ir n\u00f3 dearth\u00f3ir t\u00edrdhreacha th\u00fa, c\u00e9n f\u00e1th nach smaoineof\u00e1 ar m\u00fair\u00edn gan mh\u00f3in a \u00fas\u00e1id? Is f\u00e9idir m\u00fair\u00edn\u00ed gan mh\u00f3in a fh\u00e1il in ionaid gharra\u00edod\u00f3ireachta ar fud na t\u00edre. D\u00e9an dramha\u00edl ghaird\u00edn\/chistine a athch\u00fars\u00e1il chun do mh\u00fair\u00edn f\u00e9in a dh\u00e9anamh. M\u00e1s rud \u00e9 go gcuireann d\u2019\u00fadar\u00e1s \u00e1iti\u00fail \u2018araid dhonn\u2019 ar f\u00e1il le dramha\u00edl chistine [&hellip;]<\/p>\n","protected":false},"author":2,"featured_media":0,"parent":1728,"menu_order":0,"comment_status":"closed","ping_status":"closed","template":"","meta":{"footnotes":""},"class_list":["post-1726","page","type-page","status-publish","hentry","post"],"yoast_head":"<!-- This site is optimized with the Yoast SEO plugin v27.5 - https:\/\/yoast.com\/product\/yoast-seo-wordpress\/ -->\n<title>C\u00e9ard is f\u00e9idir liom a dh\u00e9anamh chun Bith\u00e9ags\u00falacht na Tal\u00fan Portaigh a chur chun cinn? - D\u00fail sa D\u00falra<\/title>\n<meta name=\"robots\" content=\"index, follow, max-snippet:-1, max-image-preview:large, max-video-preview:-1\" \/>\n<link rel=\"canonical\" href=\"https:\/\/www.noticenature.ie\/ga\/eolas-faoi-duil-sa-dulra\/ceard-de-a-bhfuil-bitheagsulacht-na-heireann-deanta-suas\/eagsulacht-gnathoga\/talamh-portaigh\/ceard-is-feidir-liom-a-dheanamh-chun-bitheagsulacht-na-talun-portaigh-a-chur-chun-cinn\/\" \/>\n<meta property=\"og:locale\" content=\"ga_IE\" \/>\n<meta property=\"og:type\" content=\"article\" \/>\n<meta property=\"og:title\" content=\"C\u00e9ard is f\u00e9idir liom a dh\u00e9anamh chun Bith\u00e9ags\u00falacht na Tal\u00fan Portaigh a chur chun cinn? - D\u00fail sa D\u00falra\" \/>\n<meta property=\"og:description\" content=\"M\u00e1s garra\u00edod\u00f3ir n\u00f3 dearth\u00f3ir t\u00edrdhreacha th\u00fa, c\u00e9n f\u00e1th nach smaoineof\u00e1 ar m\u00fair\u00edn gan mh\u00f3in a \u00fas\u00e1id? Is f\u00e9idir m\u00fair\u00edn\u00ed gan mh\u00f3in a fh\u00e1il in ionaid gharra\u00edod\u00f3ireachta ar fud na t\u00edre. D\u00e9an dramha\u00edl ghaird\u00edn\/chistine a athch\u00fars\u00e1il chun do mh\u00fair\u00edn f\u00e9in a dh\u00e9anamh. M\u00e1s rud \u00e9 go gcuireann d\u2019\u00fadar\u00e1s \u00e1iti\u00fail \u2018araid dhonn\u2019 ar f\u00e1il le dramha\u00edl chistine [&hellip;]\" \/>\n<meta property=\"og:url\" content=\"https:\/\/www.noticenature.ie\/ga\/eolas-faoi-duil-sa-dulra\/ceard-de-a-bhfuil-bitheagsulacht-na-heireann-deanta-suas\/eagsulacht-gnathoga\/talamh-portaigh\/ceard-is-feidir-liom-a-dheanamh-chun-bitheagsulacht-na-talun-portaigh-a-chur-chun-cinn\/\" \/>\n<meta property=\"og:site_name\" content=\"D\u00fail sa D\u00falra\" \/>\n<meta property=\"article:publisher\" content=\"https:\/\/www.facebook.com\/profile.php?id=100066240890743\" \/>\n<meta name=\"twitter:card\" content=\"summary_large_image\" \/>\n<meta name=\"twitter:site\" content=\"@Notice_Nature\" \/>\n<meta name=\"twitter:label1\" content=\"Est. reading time\" \/>\n\t<meta name=\"twitter:data1\" content=\"1 minute\" \/>\n<script type=\"application\/ld+json\" class=\"yoast-schema-graph\">{\"@context\":\"https:\\\/\\\/schema.org\",\"@graph\":[{\"@type\":\"WebPage\",\"@id\":\"https:\\\/\\\/www.noticenature.ie\\\/ga\\\/eolas-faoi-duil-sa-dulra\\\/ceard-de-a-bhfuil-bitheagsulacht-na-heireann-deanta-suas\\\/eagsulacht-gnathoga\\\/talamh-portaigh\\\/ceard-is-feidir-liom-a-dheanamh-chun-bitheagsulacht-na-talun-portaigh-a-chur-chun-cinn\\\/\",\"url\":\"https:\\\/\\\/www.noticenature.ie\\\/ga\\\/eolas-faoi-duil-sa-dulra\\\/ceard-de-a-bhfuil-bitheagsulacht-na-heireann-deanta-suas\\\/eagsulacht-gnathoga\\\/talamh-portaigh\\\/ceard-is-feidir-liom-a-dheanamh-chun-bitheagsulacht-na-talun-portaigh-a-chur-chun-cinn\\\/\",\"name\":\"C\u00e9ard is f\u00e9idir liom a dh\u00e9anamh chun Bith\u00e9ags\u00falacht na Tal\u00fan Portaigh a chur chun cinn? - D\u00fail sa D\u00falra\",\"isPartOf\":{\"@id\":\"https:\\\/\\\/www.noticenature.ie\\\/ga\\\/#website\"},\"datePublished\":\"2016-06-20T16:15:23+00:00\",\"breadcrumb\":{\"@id\":\"https:\\\/\\\/www.noticenature.ie\\\/ga\\\/eolas-faoi-duil-sa-dulra\\\/ceard-de-a-bhfuil-bitheagsulacht-na-heireann-deanta-suas\\\/eagsulacht-gnathoga\\\/talamh-portaigh\\\/ceard-is-feidir-liom-a-dheanamh-chun-bitheagsulacht-na-talun-portaigh-a-chur-chun-cinn\\\/#breadcrumb\"},\"inLanguage\":\"ga-IE\",\"potentialAction\":[{\"@type\":\"ReadAction\",\"target\":[\"https:\\\/\\\/www.noticenature.ie\\\/ga\\\/eolas-faoi-duil-sa-dulra\\\/ceard-de-a-bhfuil-bitheagsulacht-na-heireann-deanta-suas\\\/eagsulacht-gnathoga\\\/talamh-portaigh\\\/ceard-is-feidir-liom-a-dheanamh-chun-bitheagsulacht-na-talun-portaigh-a-chur-chun-cinn\\\/\"]}]},{\"@type\":\"BreadcrumbList\",\"@id\":\"https:\\\/\\\/www.noticenature.ie\\\/ga\\\/eolas-faoi-duil-sa-dulra\\\/ceard-de-a-bhfuil-bitheagsulacht-na-heireann-deanta-suas\\\/eagsulacht-gnathoga\\\/talamh-portaigh\\\/ceard-is-feidir-liom-a-dheanamh-chun-bitheagsulacht-na-talun-portaigh-a-chur-chun-cinn\\\/#breadcrumb\",\"itemListElement\":[{\"@type\":\"ListItem\",\"position\":1,\"name\":\"Home\",\"item\":\"https:\\\/\\\/www.noticenature.ie\\\/ga\\\/\"},{\"@type\":\"ListItem\",\"position\":2,\"name\":\"Maidir le D\u00fail sa D\u00falra\",\"item\":\"https:\\\/\\\/www.noticenature.ie\\\/ga\\\/eolas-faoi-duil-sa-dulra\\\/\"},{\"@type\":\"ListItem\",\"position\":3,\"name\":\"C\u00e9ard de a bhfuil bith\u00e9ags\u00falacht na h\u00c9ireann d\u00e9anta suas?\",\"item\":\"https:\\\/\\\/www.noticenature.ie\\\/ga\\\/eolas-faoi-duil-sa-dulra\\\/ceard-de-a-bhfuil-bitheagsulacht-na-heireann-deanta-suas\\\/\"},{\"@type\":\"ListItem\",\"position\":4,\"name\":\"\u00c9ags\u00falacht Gn\u00e1th\u00f3ga\",\"item\":\"https:\\\/\\\/www.noticenature.ie\\\/ga\\\/eolas-faoi-duil-sa-dulra\\\/ceard-de-a-bhfuil-bitheagsulacht-na-heireann-deanta-suas\\\/eagsulacht-gnathoga\\\/\"},{\"@type\":\"ListItem\",\"position\":5,\"name\":\"Talamh Portaigh\",\"item\":\"https:\\\/\\\/www.noticenature.ie\\\/ga\\\/eolas-faoi-duil-sa-dulra\\\/ceard-de-a-bhfuil-bitheagsulacht-na-heireann-deanta-suas\\\/eagsulacht-gnathoga\\\/talamh-portaigh\\\/\"},{\"@type\":\"ListItem\",\"position\":6,\"name\":\"C\u00e9ard is f\u00e9idir liom a dh\u00e9anamh chun Bith\u00e9ags\u00falacht na Tal\u00fan Portaigh a chur chun cinn?\"}]},{\"@type\":\"WebSite\",\"@id\":\"https:\\\/\\\/www.noticenature.ie\\\/ga\\\/#website\",\"url\":\"https:\\\/\\\/www.noticenature.ie\\\/ga\\\/\",\"name\":\"D\u00fail sa D\u00falra\",\"description\":\"Action on Biodiversity Loss\",\"potentialAction\":[{\"@type\":\"SearchAction\",\"target\":{\"@type\":\"EntryPoint\",\"urlTemplate\":\"https:\\\/\\\/www.noticenature.ie\\\/ga\\\/?s={search_term_string}\"},\"query-input\":{\"@type\":\"PropertyValueSpecification\",\"valueRequired\":true,\"valueName\":\"search_term_string\"}}],\"inLanguage\":\"ga-IE\"}]}<\/script>\n<!-- \/ Yoast SEO plugin. -->","yoast_head_json":{"title":"C\u00e9ard is f\u00e9idir liom a dh\u00e9anamh chun Bith\u00e9ags\u00falacht na Tal\u00fan Portaigh a chur chun cinn? - D\u00fail sa D\u00falra","robots":{"index":"index","follow":"follow","max-snippet":"max-snippet:-1","max-image-preview":"max-image-preview:large","max-video-preview":"max-video-preview:-1"},"canonical":"https:\/\/www.noticenature.ie\/ga\/eolas-faoi-duil-sa-dulra\/ceard-de-a-bhfuil-bitheagsulacht-na-heireann-deanta-suas\/eagsulacht-gnathoga\/talamh-portaigh\/ceard-is-feidir-liom-a-dheanamh-chun-bitheagsulacht-na-talun-portaigh-a-chur-chun-cinn\/","og_locale":"ga_IE","og_type":"article","og_title":"C\u00e9ard is f\u00e9idir liom a dh\u00e9anamh chun Bith\u00e9ags\u00falacht na Tal\u00fan Portaigh a chur chun cinn? - D\u00fail sa D\u00falra","og_description":"M\u00e1s garra\u00edod\u00f3ir n\u00f3 dearth\u00f3ir t\u00edrdhreacha th\u00fa, c\u00e9n f\u00e1th nach smaoineof\u00e1 ar m\u00fair\u00edn gan mh\u00f3in a \u00fas\u00e1id? Is f\u00e9idir m\u00fair\u00edn\u00ed gan mh\u00f3in a fh\u00e1il in ionaid gharra\u00edod\u00f3ireachta ar fud na t\u00edre. D\u00e9an dramha\u00edl ghaird\u00edn\/chistine a athch\u00fars\u00e1il chun do mh\u00fair\u00edn f\u00e9in a dh\u00e9anamh. M\u00e1s rud \u00e9 go gcuireann d\u2019\u00fadar\u00e1s \u00e1iti\u00fail \u2018araid dhonn\u2019 ar f\u00e1il le dramha\u00edl chistine [&hellip;]","og_url":"https:\/\/www.noticenature.ie\/ga\/eolas-faoi-duil-sa-dulra\/ceard-de-a-bhfuil-bitheagsulacht-na-heireann-deanta-suas\/eagsulacht-gnathoga\/talamh-portaigh\/ceard-is-feidir-liom-a-dheanamh-chun-bitheagsulacht-na-talun-portaigh-a-chur-chun-cinn\/","og_site_name":"D\u00fail sa D\u00falra","article_publisher":"https:\/\/www.facebook.com\/profile.php?id=100066240890743","twitter_card":"summary_large_image","twitter_site":"@Notice_Nature","twitter_misc":{"Est. reading time":"1 minute"},"schema":{"@context":"https:\/\/schema.org","@graph":[{"@type":"WebPage","@id":"https:\/\/www.noticenature.ie\/ga\/eolas-faoi-duil-sa-dulra\/ceard-de-a-bhfuil-bitheagsulacht-na-heireann-deanta-suas\/eagsulacht-gnathoga\/talamh-portaigh\/ceard-is-feidir-liom-a-dheanamh-chun-bitheagsulacht-na-talun-portaigh-a-chur-chun-cinn\/","url":"https:\/\/www.noticenature.ie\/ga\/eolas-faoi-duil-sa-dulra\/ceard-de-a-bhfuil-bitheagsulacht-na-heireann-deanta-suas\/eagsulacht-gnathoga\/talamh-portaigh\/ceard-is-feidir-liom-a-dheanamh-chun-bitheagsulacht-na-talun-portaigh-a-chur-chun-cinn\/","name":"C\u00e9ard is f\u00e9idir liom a dh\u00e9anamh chun Bith\u00e9ags\u00falacht na Tal\u00fan Portaigh a chur chun cinn? - D\u00fail sa D\u00falra","isPartOf":{"@id":"https:\/\/www.noticenature.ie\/ga\/#website"},"datePublished":"2016-06-20T16:15:23+00:00","breadcrumb":{"@id":"https:\/\/www.noticenature.ie\/ga\/eolas-faoi-duil-sa-dulra\/ceard-de-a-bhfuil-bitheagsulacht-na-heireann-deanta-suas\/eagsulacht-gnathoga\/talamh-portaigh\/ceard-is-feidir-liom-a-dheanamh-chun-bitheagsulacht-na-talun-portaigh-a-chur-chun-cinn\/#breadcrumb"},"inLanguage":"ga-IE","potentialAction":[{"@type":"ReadAction","target":["https:\/\/www.noticenature.ie\/ga\/eolas-faoi-duil-sa-dulra\/ceard-de-a-bhfuil-bitheagsulacht-na-heireann-deanta-suas\/eagsulacht-gnathoga\/talamh-portaigh\/ceard-is-feidir-liom-a-dheanamh-chun-bitheagsulacht-na-talun-portaigh-a-chur-chun-cinn\/"]}]},{"@type":"BreadcrumbList","@id":"https:\/\/www.noticenature.ie\/ga\/eolas-faoi-duil-sa-dulra\/ceard-de-a-bhfuil-bitheagsulacht-na-heireann-deanta-suas\/eagsulacht-gnathoga\/talamh-portaigh\/ceard-is-feidir-liom-a-dheanamh-chun-bitheagsulacht-na-talun-portaigh-a-chur-chun-cinn\/#breadcrumb","itemListElement":[{"@type":"ListItem","position":1,"name":"Home","item":"https:\/\/www.noticenature.ie\/ga\/"},{"@type":"ListItem","position":2,"name":"Maidir le D\u00fail sa D\u00falra","item":"https:\/\/www.noticenature.ie\/ga\/eolas-faoi-duil-sa-dulra\/"},{"@type":"ListItem","position":3,"name":"C\u00e9ard de a bhfuil bith\u00e9ags\u00falacht na h\u00c9ireann d\u00e9anta suas?","item":"https:\/\/www.noticenature.ie\/ga\/eolas-faoi-duil-sa-dulra\/ceard-de-a-bhfuil-bitheagsulacht-na-heireann-deanta-suas\/"},{"@type":"ListItem","position":4,"name":"\u00c9ags\u00falacht Gn\u00e1th\u00f3ga","item":"https:\/\/www.noticenature.ie\/ga\/eolas-faoi-duil-sa-dulra\/ceard-de-a-bhfuil-bitheagsulacht-na-heireann-deanta-suas\/eagsulacht-gnathoga\/"},{"@type":"ListItem","position":5,"name":"Talamh Portaigh","item":"https:\/\/www.noticenature.ie\/ga\/eolas-faoi-duil-sa-dulra\/ceard-de-a-bhfuil-bitheagsulacht-na-heireann-deanta-suas\/eagsulacht-gnathoga\/talamh-portaigh\/"},{"@type":"ListItem","position":6,"name":"C\u00e9ard is f\u00e9idir liom a dh\u00e9anamh chun Bith\u00e9ags\u00falacht na Tal\u00fan Portaigh a chur chun cinn?"}]},{"@type":"WebSite","@id":"https:\/\/www.noticenature.ie\/ga\/#website","url":"https:\/\/www.noticenature.ie\/ga\/","name":"D\u00fail sa D\u00falra","description":"Action on Biodiversity Loss","potentialAction":[{"@type":"SearchAction","target":{"@type":"EntryPoint","urlTemplate":"https:\/\/www.noticenature.ie\/ga\/?s={search_term_string}"},"query-input":{"@type":"PropertyValueSpecification","valueRequired":true,"valueName":"search_term_string"}}],"inLanguage":"ga-IE"}]}},"_links":{"self":[{"href":"https:\/\/www.noticenature.ie\/ga\/wp-json\/wp\/v2\/pages\/1726","targetHints":{"allow":["GET"]}}],"collection":[{"href":"https:\/\/www.noticenature.ie\/ga\/wp-json\/wp\/v2\/pages"}],"about":[{"href":"https:\/\/www.noticenature.ie\/ga\/wp-json\/wp\/v2\/types\/page"}],"author":[{"embeddable":true,"href":"https:\/\/www.noticenature.ie\/ga\/wp-json\/wp\/v2\/users\/2"}],"replies":[{"embeddable":true,"href":"https:\/\/www.noticenature.ie\/ga\/wp-json\/wp\/v2\/comments?post=1726"}],"version-history":[{"count":0,"href":"https:\/\/www.noticenature.ie\/ga\/wp-json\/wp\/v2\/pages\/1726\/revisions"}],"up":[{"embeddable":true,"href":"https:\/\/www.noticenature.ie\/ga\/wp-json\/wp\/v2\/pages\/1728"}],"wp:attachment":[{"href":"https:\/\/www.noticenature.ie\/ga\/wp-json\/wp\/v2\/media?parent=1726"}],"curies":[{"name":"wp","href":"https:\/\/api.w.org\/{rel}","templated":true}]}}