{"id":1714,"date":"2016-01-25T15:44:48","date_gmt":"2016-01-25T15:44:48","guid":{"rendered":"https:\/\/www.noticenature.ie\/eolas-faoi-duil-sa-dulra\/pleananna-gniomhaiochta-bitheagsulachta\/"},"modified":"2022-06-17T16:31:43","modified_gmt":"2022-06-17T16:31:43","slug":"pleananna-gniomhaiochta-bitheagsulachta","status":"publish","type":"page","link":"https:\/\/www.noticenature.ie\/ga\/eolas-faoi-duil-sa-dulra\/pleananna-gniomhaiochta-bitheagsulachta\/","title":{"rendered":"Pleananna Gn\u00edomha\u00edochta Bith\u00e9ags\u00falachta"},"content":{"rendered":"\n<p>D\u2019fh\u00e9adfadh s\u00e9 a bheith ina chabhair duit Plean Gn\u00edomha\u00edochta Bith\u00e9ags\u00falachta (PGB) a chruth\u00fa do d\u2019eagra\u00edocht chun plean\u00e1il, bainisti\u00fa agus monat\u00f3ireacht a dh\u00e9anamh ar na gn\u00e1th\u00f3ga ar do l\u00e1ithre\u00e1n. Is ionann Plean Gn\u00edomha\u00edochta Bith\u00e9ags\u00falachta agus bealach le d\u2019acmhainn\u00ed a bhainisti\u00fa chun cur le caomhn\u00fa na bith\u00e9ags\u00falachta n\u00f3 an fhiadh\u00falra tr\u00ed phleananna bainistithe a fhorbairt do d\u2019eagra\u00edocht. Go bun\u00fasach, is ionann PGB agus c\u00f3ras bainistithe do do l\u00e1ithre\u00e1n agus is f\u00e9idir \u00e9 a chomhth\u00e1th\u00fa sa Ch\u00f3ras Bainistithe Comhshaoil at\u00e1 ag an eagra\u00edocht. Cuid\u00edonn c\u00f3ras bainistithe chun baol a laghd\u00fa and chun an oiread leas agus is f\u00e9idir a bhaint as deiseanna ar bhealach plean\u00e1ilte.<\/p>\n\n<p>Tr\u00ed PGB a fhorbairt do do ghabh\u00e1ltas, cuirtear plean bainistithe ar f\u00e1il duit a chabhr\u00f3idh leat na n\u00f3sanna imeachta cearta a chur i bhfeidhm chun an bhith\u00e9ags\u00falacht a chaomhn\u00fa ar do l\u00e1ithre\u00e1n.<\/p>\n\n<p>Is f\u00e9idir PGB a fhorbairt sa bhealach seo a leanas:<\/p>\n\n<p><strong>Athbhreithni\u00fa Timpeallachta <\/strong><\/p>\n\n<p>Tr\u00ed athbhreithni\u00fa a dh\u00e9anamh ar ghn\u00edomha\u00edochta\u00ed d\u2019eagra\u00edochta \u00f3 thaobh na bith\u00e9ags\u00falachta agus acmhainn\u00ed de, is f\u00e9idir le d\u2019eagra\u00edocht na h\u00e1iteanna a bhfuil athr\u00fa ag teast\u00e1il uathu agus na tionchair a d\u2019fh\u00e9adfadh d\u2019eagra\u00edocht a bheith ag imirt ar an gcomhshaol a scr\u00fad\u00fa. Mar shampla, do pholasa\u00ed sol\u00e1thair i nd\u00e1il le hadhmad agus trosc\u00e1n; athch\u00fars\u00e1il agus \u00e9ifeacht\u00falacht fuinnimh.<\/p>\n\n<p><strong>Suirbh\u00e9 L\u00e1ithre\u00e1in<\/strong><\/p>\n\n<p>Ba cheart suirbh\u00e9 l\u00e1ithre\u00e1in a dh\u00e9anamh leis na cine\u00e1lacha gn\u00e1th\u00f3g agus speiceas at\u00e1 ann a aithint agus le cinneadh cib\u00e9 a bhfuil gn\u00edomha\u00edochta\u00ed n\u00f3 polasaithe na cuideachta ag imirt tionchar ar na l\u00e1ithre\u00e1in n\u00f3 na gn\u00e1th\u00f3ga seo.<\/p>\n\n<h3 class=\"wp-block-heading\">Plean Gn\u00edomha\u00edochta a Fhorbairt<\/h3>\n\n<p>Ba cheart go dtabharfa\u00ed achoimre ar spriocanna agus ar aidhmeanna sa phlean, mar aon leis na gn\u00edomhartha agus acmhainn\u00ed \u00e1bhartha a theast\u00f3dh chun aidhmeanna a bhaint amach. Go hiond\u00fail, is iad na nithe seo a leanas a bheadh san \u00e1ireamh i bPlean Gn\u00edomha\u00edochta:<\/p>\n\n<ul class=\"wp-block-list\"><li><strong>Feabhas a chur ar chaomhn\u00fa d\u00falra ar an l\u00e1ithre\u00e1n<\/strong><br\/>\nT\u00e1 go leor ruda\u00ed \u00e9ags\u00fala ar f\u00e9idir a dh\u00e9anamh chun l\u00edon n\u00edos m\u00f3 speiceas a mhealladh chuig do l\u00e1ithre\u00e1n, agus sa chaoi sin, tarraingteacht agus luach bith\u00e9ags\u00falachta do l\u00e1ithre\u00e1in a mh\u00e9ad\u00fa.<\/li><\/ul>\n\n<ul class=\"wp-block-list\"><li><strong>Speicis dh\u00fachasacha a thabhairt isteach<\/strong><br\/>\nCuirfear cuma n\u00edos n\u00e1d\u00fartha ar do l\u00e1ithre\u00e1n tr\u00ed mheasc\u00e1n de phlanda\u00ed agus de chrainn dh\u00fachasacha a chur, agus leis sin, meallfar tuilleadh den fhiadh\u00falra \u00e1iti\u00fail, amhail \u00e9in, feithid\u00ed agus mamaigh bheaga.<\/li><\/ul>\n\n<ul class=\"wp-block-list\"><li><strong>Cabhraigh leis an bhfiadh\u00falra \u00e1iti\u00fail<\/strong><br\/>\nIs f\u00e9idir \u00e9 seo a bhaint amach tr\u00ed bhosca\u00ed \u00e9an agus beathaitheoir\u00ed, bosca\u00ed ialt\u00f3g agus bosca\u00ed feithid\u00ed a chur in airde chun foscadh a chur ar f\u00e1il do raon leathan ainmhithe.<\/li><\/ul>\n\n<ul class=\"wp-block-list\"><li><strong>Bainisti\u00fa Gn\u00e1th\u00f3g<\/strong><br\/>\nCuirtear gn\u00e1th\u00f3g ar leith ar f\u00e1il do raon leathan \u00e9an, ainmhithe agus feithid\u00ed i mbogaigh, mar shampla. M\u00e1 t\u00e1 limist\u00e9ir bhogaigh ar bith ar do l\u00e1ithre\u00e1n, b\u2019fhi\u00fa go m\u00f3r iarracht a dh\u00e9anamh an acmhainn \u00e9iceola\u00edochta at\u00e1 ann a fhorbairt chun cur leis an mbith\u00e9ags\u00falacht. M\u00e1 t\u00e1 limist\u00e9ir choillearna\u00ed ann, t\u00e1 ruda\u00ed \u00e1irithe ann is f\u00e9idir a dh\u00e9anamh chun cur leis an mbith\u00e9ags\u00falacht. Tr\u00ed chairn d\u2019adhmad marbh a fh\u00e1g\u00e1il amuigh i rith an gheimhridh, is f\u00e9idir foscadh n\u00e1d\u00fartha a chur ar f\u00e1il do go leor feithid\u00ed, agus d\u00e1 r\u00e9ir sin, beidh s\u00e9 sin ina fhoinse bia d\u2019\u00e9in. Agus f\u00e9arach \u00e1 bhainisti\u00fa agat, d\u00e9an iarracht gan leas\u00fa a \u00fas\u00e1id n\u00f3 f\u00e1g limist\u00e9ir m\u00f3in\u00e9ir ionas go mbeidh deis f\u00e1is ag n\u00edos m\u00f3 speiceas. M\u00e1 \u00fas\u00e1ideann t\u00fa measc\u00e1n bl\u00e1thanna fi\u00e1ine, cinntigh gur bl\u00e1thanna d\u00fachasacha iad. N\u00e1 cuir speiceas a d\u2019fh\u00e9adfadh a bheith ionrach e.g. Gl\u00faineach bhiorach agus R\u00f3daideandr\u00f3n.<\/li><\/ul>\n\n<p><strong>Rannph\u00e1irt\u00edocht na foirne <\/strong><\/p>\n\n<p>M\u00e9ad\u00f3far feasacht agus sprid na foirne m\u00e1 dh\u00e9antar an fhoireann a spreagadh le bheith rannph\u00e1irteach i gcaomhn\u00fa agus i bhforbairt na bith\u00e9ags\u00falachta ar an l\u00e1ithre\u00e1n. D\u2019fh\u00e9adadh an fhoireann a bheith in ann a bheith rannph\u00e1irteach sa phobal \u00e1iti\u00fail tr\u00edd an taith\u00ed at\u00e1 aici ar obair chaomhnaithe agus a bheith ag obair le speicis dh\u00fachasacha a roinnt. Tr\u00ed seo a dh\u00e9anamh is f\u00e9idir le do chuideachta \/ d\u2019eagra\u00edocht rud \u00e9igin dearfach a thabhairt ar ais don phobal. D\u2019fh\u00e9adfadh s\u00e9 seo a bheith i bhfoirm nuachtlitreach n\u00f3 l\u00e1 oscailte b\u2019fh\u00e9idir.<\/p>\n\n<p><strong>Athbhreithni\u00fa<\/strong><\/p>\n\n<p>Ba cheart \u00e9ifeachtacht do PGB a athbhreithni\u00fa go rialta agus an PGB a athr\u00fa\/leas\u00fa de r\u00e9ir mar a theasta\u00edonn d\u2019fhonn a \u00e9ifeachtacht a choime\u00e1d. Ba cheart taifid de na hathbhreithnithe tr\u00e9imhsi\u00fala seo a choinne\u00e1il chun monat\u00f3ireacht a dh\u00e9anamh ar dhul chun cinn.<\/p>\n\n<p><em>Ar Aghaidh: <a href=\"https:\/\/www.noticenature.ie\/?page_id=309\">Gluais<\/a><\/em><\/p>\n","protected":false},"excerpt":{"rendered":"<p>D\u2019fh\u00e9adfadh s\u00e9 a bheith ina chabhair duit Plean Gn\u00edomha\u00edochta Bith\u00e9ags\u00falachta (PGB) a chruth\u00fa do d\u2019eagra\u00edocht chun plean\u00e1il, bainisti\u00fa agus monat\u00f3ireacht a dh\u00e9anamh ar na gn\u00e1th\u00f3ga ar do l\u00e1ithre\u00e1n. Is ionann Plean Gn\u00edomha\u00edochta Bith\u00e9ags\u00falachta agus bealach le d\u2019acmhainn\u00ed a bhainisti\u00fa chun cur le caomhn\u00fa na bith\u00e9ags\u00falachta n\u00f3 an fhiadh\u00falra tr\u00ed phleananna bainistithe a fhorbairt do d\u2019eagra\u00edocht. [&hellip;]<\/p>\n","protected":false},"author":2,"featured_media":0,"parent":1679,"menu_order":0,"comment_status":"closed","ping_status":"closed","template":"","meta":{"footnotes":""},"class_list":["post-1714","page","type-page","status-publish","hentry","post"],"yoast_head":"<!-- This site is optimized with the Yoast SEO plugin v27.5 - https:\/\/yoast.com\/product\/yoast-seo-wordpress\/ -->\n<title>Pleananna Gn\u00edomha\u00edochta Bith\u00e9ags\u00falachta - D\u00fail sa D\u00falra<\/title>\n<meta name=\"robots\" content=\"index, follow, max-snippet:-1, max-image-preview:large, max-video-preview:-1\" \/>\n<link rel=\"canonical\" href=\"https:\/\/www.noticenature.ie\/ga\/eolas-faoi-duil-sa-dulra\/pleananna-gniomhaiochta-bitheagsulachta\/\" \/>\n<meta property=\"og:locale\" content=\"ga_IE\" \/>\n<meta property=\"og:type\" content=\"article\" \/>\n<meta property=\"og:title\" content=\"Pleananna Gn\u00edomha\u00edochta Bith\u00e9ags\u00falachta - D\u00fail sa D\u00falra\" \/>\n<meta property=\"og:description\" content=\"D\u2019fh\u00e9adfadh s\u00e9 a bheith ina chabhair duit Plean Gn\u00edomha\u00edochta Bith\u00e9ags\u00falachta (PGB) a chruth\u00fa do d\u2019eagra\u00edocht chun plean\u00e1il, bainisti\u00fa agus monat\u00f3ireacht a dh\u00e9anamh ar na gn\u00e1th\u00f3ga ar do l\u00e1ithre\u00e1n. Is ionann Plean Gn\u00edomha\u00edochta Bith\u00e9ags\u00falachta agus bealach le d\u2019acmhainn\u00ed a bhainisti\u00fa chun cur le caomhn\u00fa na bith\u00e9ags\u00falachta n\u00f3 an fhiadh\u00falra tr\u00ed phleananna bainistithe a fhorbairt do d\u2019eagra\u00edocht. [&hellip;]\" \/>\n<meta property=\"og:url\" content=\"https:\/\/www.noticenature.ie\/ga\/eolas-faoi-duil-sa-dulra\/pleananna-gniomhaiochta-bitheagsulachta\/\" \/>\n<meta property=\"og:site_name\" content=\"D\u00fail sa D\u00falra\" \/>\n<meta property=\"article:publisher\" content=\"https:\/\/www.facebook.com\/profile.php?id=100066240890743\" \/>\n<meta property=\"article:modified_time\" content=\"2022-06-17T16:31:43+00:00\" \/>\n<meta name=\"twitter:card\" content=\"summary_large_image\" \/>\n<meta name=\"twitter:site\" content=\"@Notice_Nature\" \/>\n<meta name=\"twitter:label1\" content=\"Est. reading time\" \/>\n\t<meta name=\"twitter:data1\" content=\"4 minutes\" \/>\n<script type=\"application\/ld+json\" class=\"yoast-schema-graph\">{\"@context\":\"https:\\\/\\\/schema.org\",\"@graph\":[{\"@type\":\"WebPage\",\"@id\":\"https:\\\/\\\/www.noticenature.ie\\\/ga\\\/eolas-faoi-duil-sa-dulra\\\/pleananna-gniomhaiochta-bitheagsulachta\\\/\",\"url\":\"https:\\\/\\\/www.noticenature.ie\\\/ga\\\/eolas-faoi-duil-sa-dulra\\\/pleananna-gniomhaiochta-bitheagsulachta\\\/\",\"name\":\"Pleananna Gn\u00edomha\u00edochta Bith\u00e9ags\u00falachta - D\u00fail sa D\u00falra\",\"isPartOf\":{\"@id\":\"https:\\\/\\\/www.noticenature.ie\\\/ga\\\/#website\"},\"datePublished\":\"2016-01-25T15:44:48+00:00\",\"dateModified\":\"2022-06-17T16:31:43+00:00\",\"breadcrumb\":{\"@id\":\"https:\\\/\\\/www.noticenature.ie\\\/ga\\\/eolas-faoi-duil-sa-dulra\\\/pleananna-gniomhaiochta-bitheagsulachta\\\/#breadcrumb\"},\"inLanguage\":\"ga-IE\",\"potentialAction\":[{\"@type\":\"ReadAction\",\"target\":[\"https:\\\/\\\/www.noticenature.ie\\\/ga\\\/eolas-faoi-duil-sa-dulra\\\/pleananna-gniomhaiochta-bitheagsulachta\\\/\"]}]},{\"@type\":\"BreadcrumbList\",\"@id\":\"https:\\\/\\\/www.noticenature.ie\\\/ga\\\/eolas-faoi-duil-sa-dulra\\\/pleananna-gniomhaiochta-bitheagsulachta\\\/#breadcrumb\",\"itemListElement\":[{\"@type\":\"ListItem\",\"position\":1,\"name\":\"Home\",\"item\":\"https:\\\/\\\/www.noticenature.ie\\\/ga\\\/\"},{\"@type\":\"ListItem\",\"position\":2,\"name\":\"Maidir le D\u00fail sa D\u00falra\",\"item\":\"https:\\\/\\\/www.noticenature.ie\\\/ga\\\/eolas-faoi-duil-sa-dulra\\\/\"},{\"@type\":\"ListItem\",\"position\":3,\"name\":\"Pleananna Gn\u00edomha\u00edochta Bith\u00e9ags\u00falachta\"}]},{\"@type\":\"WebSite\",\"@id\":\"https:\\\/\\\/www.noticenature.ie\\\/ga\\\/#website\",\"url\":\"https:\\\/\\\/www.noticenature.ie\\\/ga\\\/\",\"name\":\"D\u00fail sa D\u00falra\",\"description\":\"Action on Biodiversity Loss\",\"potentialAction\":[{\"@type\":\"SearchAction\",\"target\":{\"@type\":\"EntryPoint\",\"urlTemplate\":\"https:\\\/\\\/www.noticenature.ie\\\/ga\\\/?s={search_term_string}\"},\"query-input\":{\"@type\":\"PropertyValueSpecification\",\"valueRequired\":true,\"valueName\":\"search_term_string\"}}],\"inLanguage\":\"ga-IE\"}]}<\/script>\n<!-- \/ Yoast SEO plugin. -->","yoast_head_json":{"title":"Pleananna Gn\u00edomha\u00edochta Bith\u00e9ags\u00falachta - D\u00fail sa D\u00falra","robots":{"index":"index","follow":"follow","max-snippet":"max-snippet:-1","max-image-preview":"max-image-preview:large","max-video-preview":"max-video-preview:-1"},"canonical":"https:\/\/www.noticenature.ie\/ga\/eolas-faoi-duil-sa-dulra\/pleananna-gniomhaiochta-bitheagsulachta\/","og_locale":"ga_IE","og_type":"article","og_title":"Pleananna Gn\u00edomha\u00edochta Bith\u00e9ags\u00falachta - D\u00fail sa D\u00falra","og_description":"D\u2019fh\u00e9adfadh s\u00e9 a bheith ina chabhair duit Plean Gn\u00edomha\u00edochta Bith\u00e9ags\u00falachta (PGB) a chruth\u00fa do d\u2019eagra\u00edocht chun plean\u00e1il, bainisti\u00fa agus monat\u00f3ireacht a dh\u00e9anamh ar na gn\u00e1th\u00f3ga ar do l\u00e1ithre\u00e1n. Is ionann Plean Gn\u00edomha\u00edochta Bith\u00e9ags\u00falachta agus bealach le d\u2019acmhainn\u00ed a bhainisti\u00fa chun cur le caomhn\u00fa na bith\u00e9ags\u00falachta n\u00f3 an fhiadh\u00falra tr\u00ed phleananna bainistithe a fhorbairt do d\u2019eagra\u00edocht. [&hellip;]","og_url":"https:\/\/www.noticenature.ie\/ga\/eolas-faoi-duil-sa-dulra\/pleananna-gniomhaiochta-bitheagsulachta\/","og_site_name":"D\u00fail sa D\u00falra","article_publisher":"https:\/\/www.facebook.com\/profile.php?id=100066240890743","article_modified_time":"2022-06-17T16:31:43+00:00","twitter_card":"summary_large_image","twitter_site":"@Notice_Nature","twitter_misc":{"Est. reading time":"4 minutes"},"schema":{"@context":"https:\/\/schema.org","@graph":[{"@type":"WebPage","@id":"https:\/\/www.noticenature.ie\/ga\/eolas-faoi-duil-sa-dulra\/pleananna-gniomhaiochta-bitheagsulachta\/","url":"https:\/\/www.noticenature.ie\/ga\/eolas-faoi-duil-sa-dulra\/pleananna-gniomhaiochta-bitheagsulachta\/","name":"Pleananna Gn\u00edomha\u00edochta Bith\u00e9ags\u00falachta - D\u00fail sa D\u00falra","isPartOf":{"@id":"https:\/\/www.noticenature.ie\/ga\/#website"},"datePublished":"2016-01-25T15:44:48+00:00","dateModified":"2022-06-17T16:31:43+00:00","breadcrumb":{"@id":"https:\/\/www.noticenature.ie\/ga\/eolas-faoi-duil-sa-dulra\/pleananna-gniomhaiochta-bitheagsulachta\/#breadcrumb"},"inLanguage":"ga-IE","potentialAction":[{"@type":"ReadAction","target":["https:\/\/www.noticenature.ie\/ga\/eolas-faoi-duil-sa-dulra\/pleananna-gniomhaiochta-bitheagsulachta\/"]}]},{"@type":"BreadcrumbList","@id":"https:\/\/www.noticenature.ie\/ga\/eolas-faoi-duil-sa-dulra\/pleananna-gniomhaiochta-bitheagsulachta\/#breadcrumb","itemListElement":[{"@type":"ListItem","position":1,"name":"Home","item":"https:\/\/www.noticenature.ie\/ga\/"},{"@type":"ListItem","position":2,"name":"Maidir le D\u00fail sa D\u00falra","item":"https:\/\/www.noticenature.ie\/ga\/eolas-faoi-duil-sa-dulra\/"},{"@type":"ListItem","position":3,"name":"Pleananna Gn\u00edomha\u00edochta Bith\u00e9ags\u00falachta"}]},{"@type":"WebSite","@id":"https:\/\/www.noticenature.ie\/ga\/#website","url":"https:\/\/www.noticenature.ie\/ga\/","name":"D\u00fail sa D\u00falra","description":"Action on Biodiversity Loss","potentialAction":[{"@type":"SearchAction","target":{"@type":"EntryPoint","urlTemplate":"https:\/\/www.noticenature.ie\/ga\/?s={search_term_string}"},"query-input":{"@type":"PropertyValueSpecification","valueRequired":true,"valueName":"search_term_string"}}],"inLanguage":"ga-IE"}]}},"_links":{"self":[{"href":"https:\/\/www.noticenature.ie\/ga\/wp-json\/wp\/v2\/pages\/1714","targetHints":{"allow":["GET"]}}],"collection":[{"href":"https:\/\/www.noticenature.ie\/ga\/wp-json\/wp\/v2\/pages"}],"about":[{"href":"https:\/\/www.noticenature.ie\/ga\/wp-json\/wp\/v2\/types\/page"}],"author":[{"embeddable":true,"href":"https:\/\/www.noticenature.ie\/ga\/wp-json\/wp\/v2\/users\/2"}],"replies":[{"embeddable":true,"href":"https:\/\/www.noticenature.ie\/ga\/wp-json\/wp\/v2\/comments?post=1714"}],"version-history":[{"count":4,"href":"https:\/\/www.noticenature.ie\/ga\/wp-json\/wp\/v2\/pages\/1714\/revisions"}],"predecessor-version":[{"id":1761,"href":"https:\/\/www.noticenature.ie\/ga\/wp-json\/wp\/v2\/pages\/1714\/revisions\/1761"}],"up":[{"embeddable":true,"href":"https:\/\/www.noticenature.ie\/ga\/wp-json\/wp\/v2\/pages\/1679"}],"wp:attachment":[{"href":"https:\/\/www.noticenature.ie\/ga\/wp-json\/wp\/v2\/media?parent=1714"}],"curies":[{"name":"wp","href":"https:\/\/api.w.org\/{rel}","templated":true}]}}